    {"id":3686,"date":"2021-05-07T10:37:00","date_gmt":"2021-05-07T09:37:00","guid":{"rendered":"http:\/\/localhost:10023\/info-collection\/serie-de-eventos-previos-a-la-cumbre-global-bim-del-3-al-11-de-marzo-de-2021\/"},"modified":"2023-11-17T14:17:10","modified_gmt":"2023-11-17T14:17:10","slug":"serie-de-eventos-previos-a-la-cumbre-global-bim-del-3-al-11-de-marzo-de-2021","status":"publish","type":"info-collection","link":"https:\/\/globalbim.org\/es\/info-collection\/serie-de-eventos-previos-a-la-cumbre-global-bim-del-3-al-11-de-marzo-de-2021\/","title":{"rendered":"Serie de eventos previos a la Cumbre Global BIM, del 3 al 11 de marzo de 2021"},"content":{"rendered":"<p>Gobiernos de todo el mundo est\u00e1n transformando la forma en que se dise\u00f1an, construyen, operan e integran las infraestructuras mediante la implementaci\u00f3n del Modelado de Informaci\u00f3n para la Construcci\u00f3n (BIM) para mejorar los resultados sociales, econ\u00f3micos y medioambientales para las personas y los lugares. Si los gobiernos, las instituciones multilaterales y los bancos de inversi\u00f3n fomentan la adopci\u00f3n de BIM en toda la cadena de valor, habr\u00e1 m\u00e1s oportunidades de obtener beneficios tanto para el sector p\u00fablico como para el privado.<\/p>\n<p>En esta serie de cuatro seminarios web celebrados entre el 3 y el 11 de marzo de 2021, representantes l\u00edderes del sector p\u00fablico, de organismos multilaterales y de iniciativas de todo el mundo se dirigieron a una audiencia mundial formada por responsables pol\u00edticos, compradores p\u00fablicos y profesionales del entorno construido de m\u00e1s de 90 pa\u00edses.<\/p>\n<p>Los asistentes aprendieron:<\/p>\n<ul>\n<li>Buenas pr\u00e1cticas en la introducci\u00f3n nacional de BIM para el sector p\u00fablico, la industria y el entorno construido<\/li>\n<li>C\u00f3mo los gobiernos y los inversionistas multilaterales impulsan la productividad en el mercado mundial de la construcci\u00f3n mediante la introducci\u00f3n de normas y la normalizaci\u00f3n<\/li>\n<li>Los beneficios sociales, econ\u00f3micos y medioambientales y los impactos en el mundo real de la transformaci\u00f3n digital en el dise\u00f1o y entrega de infraestructuras nacionales.<\/li>\n<\/ul>\n<p><strong>Seminario web del 1 al 3 de marzo de 2021<\/strong><\/p>\n<ul>\n<li>BIM en el Reino Unido &#8211; Fergus Harradence, Departamento de Empresa, Energ\u00eda y Estrategia Industrial<\/li>\n<li>BIM en Estonia &#8211; Jaan Saar, Ministerio de Econom\u00eda y Comunicaciones<\/li>\n<li>BIM en Colombia &#8211; Valentina Sarmiento Buitrago, Ministerio de Vivienda, Ciudad y Territorio<\/li>\n<li>Presentador: Adam Matthews, Centre for Digital Built Britain<\/li>\n<\/ul>\n<p><iframe loading=\"lazy\" title=\"Global BIM Summit - pre-event Webinar - 3 March 2021\" width=\"500\" height=\"281\" src=\"https:\/\/www.youtube.com\/embed\/sXZ5hoUUA8M?feature=oembed\" frameborder=\"0\" allow=\"accelerometer; autoplay; clipboard-write; encrypted-media; gyroscope; picture-in-picture; web-share\" referrerpolicy=\"strict-origin-when-cross-origin\" allowfullscreen><\/iframe><\/p>\n<p><strong>Seminario web del 2 al 4 de marzo de 2021<\/strong><\/p>\n<p>BIM en Singapur &#8211; Tai Fatt Cheng, Autoridad de Edificaci\u00f3n y Construcci\u00f3n Grupo de trabajo<\/p>\n<p>BIM de la UE &#8211; Souheil Soubra, Presidente del Grupo de trabajo BIM de la UE<\/p>\n<p>BIM en Argentina &#8211; Cecilia Benjardino, Ministerio de Obras P\u00fablicas de la Rep\u00fablica Argentina<\/p>\n<p>Anfitriona &#8211; Alanna Gluck, Centre for Digital Built Britain<\/p>\n<p><iframe loading=\"lazy\" title=\"Global BIM Summit - pre-event Webinar - 4 March 2021\" width=\"500\" height=\"281\" src=\"https:\/\/www.youtube.com\/embed\/AS6YzAABWd8?feature=oembed\" frameborder=\"0\" allow=\"accelerometer; autoplay; clipboard-write; encrypted-media; gyroscope; picture-in-picture; web-share\" referrerpolicy=\"strict-origin-when-cross-origin\" allowfullscreen><\/iframe><\/p>\n<p><strong>Seminario web del 3 al 10 de marzo de 2021<\/strong><\/p>\n<p>BIM en Estados Unidos &#8211; Roger Grant, Instituto Nacional de Ciencias de la Construcci\u00f3n<\/p>\n<p>BIM en Chile &#8211; Sebasti\u00e1n Manr\u00edquez, Planbim, Corfo<\/p>\n<p>BIM en Vietnam &#8211; Ngoc-Binh TA, Instituto de Econom\u00eda de la Construcci\u00f3n, Ministerio de Construcci\u00f3n<\/p>\n<p>BIM en la Rep\u00fablica Checa &#8211; JaroslavNechyba, Agencia Checa de Normalizaci\u00f3n<\/p>\n<p>Anfitriona &#8211; Alanna Gluck, Centre for Digital Built Britain<\/p>\n<p><iframe loading=\"lazy\" title=\"Global BIM Summit - pre-event Webinar 10 March 2021\" width=\"500\" height=\"281\" src=\"https:\/\/www.youtube.com\/embed\/_n4-PDHuwYI?feature=oembed\" frameborder=\"0\" allow=\"accelerometer; autoplay; clipboard-write; encrypted-media; gyroscope; picture-in-picture; web-share\" referrerpolicy=\"strict-origin-when-cross-origin\" allowfullscreen><\/iframe><\/p>\n<p><strong>Seminario web del 4 al 11 de marzo de 2021<\/strong><\/p>\n<p>UN OPS &#8211; Nigel Mu\u00f1oz Oro, Am\u00e9rica Latina y el Caribe en UNOPS<\/p>\n<p>Comisi\u00f3n Europea &#8211; IlektraPapadaki, Construcci\u00f3n Digital y Entorno Construido Sostenible<\/p>\n<p>Am\u00e9rica Latina- Carolina Soto, Presidenta de la Red BIM de Gobiernos Latinoamericanos<\/p>\n<p>Banco Interamericano de Desarrollo- Claudia Suaznabar, Especialista Principal de la Divisi\u00f3n de Competitividad, Tecnolog\u00eda e Innovaci\u00f3n<\/p>\n<p>Presentador &#8211; Adam Matthews, Centre for Digital Built Britain<\/p>\n<p><iframe loading=\"lazy\" title=\"Global BIM Summit - pre-event Webinar 10 March 2021\" width=\"500\" height=\"281\" src=\"https:\/\/www.youtube.com\/embed\/_n4-PDHuwYI?feature=oembed\" frameborder=\"0\" allow=\"accelerometer; autoplay; clipboard-write; encrypted-media; gyroscope; picture-in-picture; web-share\" referrerpolicy=\"strict-origin-when-cross-origin\" allowfullscreen><\/iframe><\/p>\n","protected":false},"featured_media":0,"template":"","info-category":[10],"info-country":[],"info-level":[15],"info-region":[23],"info-type":[33],"info-state":[86],"class_list":["post-3686","info-collection","type-info-collection","status-publish","hentry","info-category-communication-communities","info-level-global-level","info-region-global","info-type-event","info-state-scaling"],"acf":[],"aioseo_notices":[],"tpgb_featured_images":null,"tpgb_post_meta_info":{"get_date":"7 May 2021","category_list":{"info-category":[{"term_id":10,"name":"Communication &amp; Communities","slug":"communication-communities","term_group":0,"term_taxonomy_id":10,"taxonomy":"info-category","description":"","parent":0,"count":127,"filter":"raw"}],"info-country":false,"info-level":[{"term_id":15,"name":"Global level","slug":"global-level","term_group":0,"term_taxonomy_id":15,"taxonomy":"info-level","description":"","parent":0,"count":90,"filter":"raw"}],"info-region":[{"term_id":23,"name":"Global","slug":"global","term_group":0,"term_taxonomy_id":23,"taxonomy":"info-region","description":"","parent":0,"count":67,"filter":"raw"}],"info-type":[{"term_id":33,"name":"Event","slug":"event","term_group":0,"term_taxonomy_id":33,"taxonomy":"info-type","description":"","parent":0,"count":16,"filter":"raw"}],"info-state":[{"term_id":86,"name":"Scaling","slug":"scaling","term_group":0,"term_taxonomy_id":86,"taxonomy":"info-state","description":"","parent":0,"count":198,"filter":"raw"}]},"comment_count":0,"post_likes":0,"post_views":0},"tpgb_post_category":{"info-category":"<a href=\"https:\/\/globalbim.org\/news\/info-category\/communication-communities\/\" alt=\"Communication &amp; Communities\" class=\"info-category-communication-communities\">Communication &amp; Communities<\/a> ","info-level":"<a href=\"https:\/\/globalbim.org\/news\/info-level\/global-level\/\" alt=\"Global level\" class=\"info-level-global-level\">Global level<\/a> ","info-region":"<a href=\"https:\/\/globalbim.org\/news\/info-region\/global\/\" alt=\"Global\" class=\"info-region-global\">Global<\/a> ","info-type":"<a href=\"https:\/\/globalbim.org\/news\/info-type\/event\/\" alt=\"Event\" class=\"info-type-event\">Event<\/a> ","info-state":"<a href=\"https:\/\/globalbim.org\/news\/info-state\/scaling\/\" alt=\"Scaling\" class=\"info-state-scaling\">Scaling<\/a> "},"_links":{"self":[{"href":"https:\/\/globalbim.org\/es\/wp-json\/wp\/v2\/information-collection\/3686"}],"collection":[{"href":"https:\/\/globalbim.org\/es\/wp-json\/wp\/v2\/information-collection"}],"about":[{"href":"https:\/\/globalbim.org\/es\/wp-json\/wp\/v2\/types\/info-collection"}],"wp:attachment":[{"href":"https:\/\/globalbim.org\/es\/wp-json\/wp\/v2\/media?parent=3686"}],"wp:term":[{"taxonomy":"info-category","embeddable":true,"href":"https:\/\/globalbim.org\/es\/wp-json\/wp\/v2\/info-category?post=3686"},{"taxonomy":"info-country","embeddable":true,"href":"https:\/\/globalbim.org\/es\/wp-json\/wp\/v2\/info-country?post=3686"},{"taxonomy":"info-level","embeddable":true,"href":"https:\/\/globalbim.org\/es\/wp-json\/wp\/v2\/info-level?post=3686"},{"taxonomy":"info-region","embeddable":true,"href":"https:\/\/globalbim.org\/es\/wp-json\/wp\/v2\/info-region?post=3686"},{"taxonomy":"info-type","embeddable":true,"href":"https:\/\/globalbim.org\/es\/wp-json\/wp\/v2\/info-type?post=3686"},{"taxonomy":"info-state","embeddable":true,"href":"https:\/\/globalbim.org\/es\/wp-json\/wp\/v2\/info-state?post=3686"}],"curies":[{"name":"wp","href":"https:\/\/api.w.org\/{rel}","templated":true}]}}